{"id":84,"date":"2019-05-05T16:44:35","date_gmt":"2019-05-05T14:44:35","guid":{"rendered":"https:\/\/www.fwg-kreis-kl.de\/fwg\/?page_id=84"},"modified":"2024-05-13T22:59:49","modified_gmt":"2024-05-13T20:59:49","slug":"kreis-fwg-ueber-uns","status":"publish","type":"page","link":"https:\/\/fwg-vg-landstuhl.de\/queidersbach\/kreis-fwg-ueber-uns\/","title":{"rendered":"\u00dcber uns"},"content":{"rendered":"<p>[et_pb_section fb_built=&#8220;1&#8243; _builder_version=&#8220;4.16&#8243; global_colors_info=&#8220;{}&#8220;][et_pb_row column_structure=&#8220;2_3,1_3&#8243; _builder_version=&#8220;4.16&#8243; global_colors_info=&#8220;{}&#8220;][et_pb_column type=&#8220;2_3&#8243; _builder_version=&#8220;4.16&#8243; custom_padding=&#8220;|||&#8220; global_colors_info=&#8220;{}&#8220; custom_padding__hover=&#8220;|||&#8220;][et_pb_post_title meta=&#8220;off&#8220; featured_image=&#8220;off&#8220; admin_label=&#8220;Titel der Seite&#8220; _builder_version=&#8220;4.16&#8243; z_index_tablet=&#8220;500&#8243; global_colors_info=&#8220;{}&#8220;][\/et_pb_post_title][et_pb_text _builder_version=&#8220;4.24.2&#8243; z_index_tablet=&#8220;500&#8243; global_colors_info=&#8220;{}&#8220;]<\/p>\n<p><img loading=\"lazy\" decoding=\"async\" class=\"wp-image-502 aligncenter size-full\" src=\"https:\/\/fwg-vg-landstuhl.de\/queidersbach\/wp-content\/uploads\/sites\/2\/2024\/05\/Gruppenbild1.png\" alt=\"\" width=\"929\" height=\"533\" srcset=\"https:\/\/fwg-vg-landstuhl.de\/queidersbach\/wp-content\/uploads\/sites\/2\/2024\/05\/Gruppenbild1.png 929w, https:\/\/fwg-vg-landstuhl.de\/queidersbach\/wp-content\/uploads\/sites\/2\/2024\/05\/Gruppenbild1-480x275.png 480w\" sizes=\"(min-width: 0px) and (max-width: 480px) 480px, (min-width: 481px) 929px, 100vw\" \/><\/p>\n<p>Die Freie W\u00e4hlergruppe Queidersbach ist ein unabh\u00e4ngiger Vereine, der nur dem Wohl von Queidersbach und deren B\u00fcrgerinnen und B\u00fcrger dient. Das hei\u00dft wir sind keine Partei und somit auch keiner h\u00f6heren Instanz verpflichtet. Wir machen pragmatische Politik ohne Ideologie oder Scheuklappen. Am Ende z\u00e4hlen konkrete Ergebnisse f\u00fcr die Bev\u00f6lkerung und Queidersbach. Bei uns z\u00e4hlt nicht Parteipolitik und Taktiererei, sondern ordentlich durchdachte und begr\u00fcndete Sachentscheidungen und eine Prise &#8222;Gesunder Menschenverstand&#8220;.<\/p>\n<p><strong>Daf\u00fcr steht die FWG:<\/strong><\/p>\n<ul>\n<li>Unabh\u00e4ngige und sachorientierte Politik<\/li>\n<li>Frei von Parteizwang und Ideologien<\/li>\n<li>Keine Weisungen von \u00fcbergeordneten politischen Ebenen<\/li>\n<li>Politik mit den B\u00fcrgern vor Ort gestalten<\/li>\n<li>Echte Transparenz und ernst gemeinte B\u00fcrgerbeteiligung<\/li>\n<li>Solide Finanzen, keine Verschwendung von Steuern<\/li>\n<li>Anpacken der Probleme vor Ort<\/li>\n<li>Kurz: Frei im Denken. Nah bei den Menschen. Gut f\u00fcr Queidersbach.<\/li>\n<\/ul>\n<p>[\/et_pb_text][\/et_pb_column][et_pb_column type=&#8220;1_3&#8243; _builder_version=&#8220;4.16&#8243; custom_padding=&#8220;|||&#8220; global_colors_info=&#8220;{}&#8220; custom_padding__hover=&#8220;|||&#8220;][et_pb_search exclude_pages=&#8220;off&#8220; placeholder=&#8220;Suche&#8220; _builder_version=&#8220;4.16&#8243; z_index_tablet=&#8220;500&#8243; input_text_shadow_horizontal_length=&#8220;input_text_shadow_style,%91object Object%93&#8243; input_text_shadow_vertical_length=&#8220;input_text_shadow_style,%91object Object%93&#8243; input_text_shadow_blur_strength=&#8220;input_text_shadow_style,%91object Object%93&#8243; saved_tabs=&#8220;all&#8220; global_colors_info=&#8220;{}&#8220;][\/et_pb_search][et_pb_countdown_timer title=&#8220;Am 09. Juni ist Wahl!&#8220; date_time=&#8220;2024-06-09 08:00&#8243; _builder_version=&#8220;4.24.2&#8243; use_background_color=&#8220;off&#8220; use_background_color_gradient=&#8220;on&#8220; background_color_gradient_type=&#8220;circular&#8220; background_color_gradient_stops=&#8220;rgba(74,117,158,0.15) 15%|rgba(0,83,159,0.25) 100%&#8220; background_color_gradient_start=&#8220;rgba(74,117,158,0.15)&#8220; background_color_gradient_start_position=&#8220;15%&#8220; background_color_gradient_end=&#8220;rgba(0,83,159,0.25)&#8220; vertical_offset_tablet=&#8220;0&#8243; horizontal_offset_tablet=&#8220;0&#8243; text_orientation=&#8220;left&#8220; background_layout=&#8220;light&#8220; custom_padding=&#8220;20px|20px|20px|20px&#8220; z_index_tablet=&#8220;500&#8243; separator_text_shadow_horizontal_length_tablet=&#8220;0px&#8220; separator_text_shadow_vertical_length_tablet=&#8220;0px&#8220; separator_text_shadow_blur_strength_tablet=&#8220;1px&#8220; border_radii=&#8220;on|15px|15px|15px|15px&#8220; box_shadow_style=&#8220;preset2&#8243; global_module=&#8220;223&#8243; saved_tabs=&#8220;all&#8220; global_colors_info=&#8220;{}&#8220;][\/et_pb_countdown_timer][et_pb_text admin_label=&#8220;Kontakt&#8220; _builder_version=&#8220;4.16&#8243; use_background_color_gradient=&#8220;on&#8220; background_color_gradient_type=&#8220;circular&#8220; background_color_gradient_stops=&#8220;rgba(74,117,158,0.15) 15%|rgba(0,83,159,0.25) 100%&#8220; background_color_gradient_start=&#8220;rgba(74,117,158,0.15)&#8220; background_color_gradient_start_position=&#8220;15%&#8220; background_color_gradient_end=&#8220;rgba(0,83,159,0.25)&#8220; custom_margin=&#8220;||20px|&#8220; custom_padding=&#8220;20px|20px|20px|20px&#8220; background_color_gradient_stops_tablet=&#8220;rgba(74,117,158,0.15) 15%|rgba(0,83,159,0.25) 100%&#8220; background_color_gradient_stops_phone=&#8220;rgba(74,117,158,0.15) 15%|rgba(0,83,159,0.25) 100%&#8220; z_index_tablet=&#8220;500&#8243; border_radii=&#8220;on|15px|15px|15px|15px&#8220; box_shadow_style=&#8220;preset2&#8243; global_module=&#8220;224&#8243; saved_tabs=&#8220;all&#8220; global_colors_info=&#8220;{}&#8220;]<\/p>\n<h3><span style=\"color: #000000;\">Kontakt zur FWG<\/span><\/h3>\n<p><span style=\"color: #000000;\">FWG \u2013 Freie W\u00e4hlergruppe Ortsgemeinde Queidersbach e.V.<br \/>J\u00fcrgen Schmitt<br \/>Zum Woogacker 48<br \/>66851 Queidersbach<br \/>E-Mail: ju-sch@kabelmail.de<br \/><\/span><\/p>\n<p>[\/et_pb_text][\/et_pb_column][\/et_pb_row][\/et_pb_section]<\/p>\n","protected":false},"excerpt":{"rendered":"<p>Die Freie W\u00e4hlergruppe Queidersbach ist ein unabh\u00e4ngiger Vereine, der nur dem Wohl von Queidersbach und deren B\u00fcrgerinnen und B\u00fcrger dient. Das hei\u00dft wir sind keine Partei und somit auch keiner h\u00f6heren Instanz verpflichtet. Wir machen pragmatische Politik ohne Ideologie oder Scheuklappen. Am Ende z\u00e4hlen konkrete Ergebnisse f\u00fcr die Bev\u00f6lkerung und Queidersbach. Bei uns z\u00e4hlt nicht [&hellip;]<\/p>\n","protected":false},"author":1,"featured_media":0,"parent":0,"menu_order":0,"comment_status":"closed","ping_status":"closed","template":"","meta":{"_et_pb_use_builder":"on","_et_pb_old_content":"","_et_gb_content_width":"","footnotes":""},"class_list":["post-84","page","type-page","status-publish","hentry"],"_links":{"self":[{"href":"https:\/\/fwg-vg-landstuhl.de\/queidersbach\/wp-json\/wp\/v2\/pages\/84","targetHints":{"allow":["GET"]}}],"collection":[{"href":"https:\/\/fwg-vg-landstuhl.de\/queidersbach\/wp-json\/wp\/v2\/pages"}],"about":[{"href":"https:\/\/fwg-vg-landstuhl.de\/queidersbach\/wp-json\/wp\/v2\/types\/page"}],"author":[{"embeddable":true,"href":"https:\/\/fwg-vg-landstuhl.de\/queidersbach\/wp-json\/wp\/v2\/users\/1"}],"replies":[{"embeddable":true,"href":"https:\/\/fwg-vg-landstuhl.de\/queidersbach\/wp-json\/wp\/v2\/comments?post=84"}],"version-history":[{"count":3,"href":"https:\/\/fwg-vg-landstuhl.de\/queidersbach\/wp-json\/wp\/v2\/pages\/84\/revisions"}],"predecessor-version":[{"id":505,"href":"https:\/\/fwg-vg-landstuhl.de\/queidersbach\/wp-json\/wp\/v2\/pages\/84\/revisions\/505"}],"wp:attachment":[{"href":"https:\/\/fwg-vg-landstuhl.de\/queidersbach\/wp-json\/wp\/v2\/media?parent=84"}],"curies":[{"name":"wp","href":"https:\/\/api.w.org\/{rel}","templated":true}]}}