{"id":24,"date":"2019-05-05T16:15:40","date_gmt":"2019-05-05T14:15:40","guid":{"rendered":"https:\/\/www.fwg-kreis-kl.de\/fwg\/?page_id=24"},"modified":"2024-06-01T08:13:53","modified_gmt":"2024-06-01T06:13:53","slug":"unser-wahlprogramm-2019","status":"publish","type":"page","link":"https:\/\/fwg-vg-landstuhl.de\/queidersbach\/kommunalwahl-2019\/unser-wahlprogramm-2019\/","title":{"rendered":"Unser Wahlprogramm 2024"},"content":{"rendered":"<p>[et_pb_section fb_built=&#8220;1&#8243; _builder_version=&#8220;4.16&#8243; global_colors_info=&#8220;{}&#8220;][et_pb_row column_structure=&#8220;2_3,1_3&#8243; _builder_version=&#8220;4.16&#8243; background_size=&#8220;initial&#8220; background_position=&#8220;top_left&#8220; background_repeat=&#8220;repeat&#8220; global_colors_info=&#8220;{}&#8220;][et_pb_column type=&#8220;2_3&#8243; _builder_version=&#8220;4.16&#8243; custom_padding=&#8220;|||&#8220; global_colors_info=&#8220;{}&#8220; custom_padding__hover=&#8220;|||&#8220;][et_pb_post_title meta=&#8220;off&#8220; featured_image=&#8220;off&#8220; admin_label=&#8220;Titel der Seite&#8220; _builder_version=&#8220;4.16&#8243; z_index_tablet=&#8220;500&#8243; global_colors_info=&#8220;{}&#8220;][\/et_pb_post_title][et_pb_text _builder_version=&#8220;4.25.1&#8243; hover_enabled=&#8220;0&#8243; z_index_tablet=&#8220;500&#8243; global_colors_info=&#8220;{}&#8220; sticky_enabled=&#8220;0&#8243;]<\/p>\n<p><strong>Folgende Themen m\u00f6chten wir zielorientiert f\u00fcr Queidersbach vorantreiben:<\/strong><\/p>\n<p>Die Top-Themen in Queidersbach:<\/p>\n<ul>\n<li>Ausbau der Kinderbetreuung als gesellschaftliche Verantwortung, um die Vereinbarkeit von Familie und Beruf zu verbessern.<\/li>\n<li>Gew\u00e4hrleistung und Verbesserung der \u00e4rztlichen Versorgung durch die Umnutzung der ehemaligen Grundschule zu einem umfassenden Medizinischen Versorgungszentrum (MVZ) f\u00fcr alle Bed\u00fcrfnisse.<\/li>\n<li>Umsetzung von Stra\u00dfensanierungen mit sicheren \u00dcberwegen f\u00fcr Kinder, um die Sicherheit im Stra\u00dfenverkehr zu erh\u00f6hen.<\/li>\n<li>Modernisierung von Spielpl\u00e4tzen und Erg\u00e4nzung von Spielger\u00e4ten.<\/li>\n<li>Unterst\u00fctzung der Vereine und F\u00f6rderung kommunaler Angebote zur St\u00e4rkung des Gemeinschaftsgef\u00fchls.<\/li>\n<\/ul>\n<p>Weitere Themen, f\u00fcr die wir uns einsetzen:<\/p>\n<ul>\n<li>Mehr B\u00fcrgerbeteiligung und Entwicklung eines B\u00fcrgerinformationskonzepts zur F\u00f6rderung von Transparenz und Teilhabe in der Gemeinde.<\/li>\n<li>Errichtung eines Multifunktionsplatzes f\u00fcr verschiedene Aktivit\u00e4ten und Veranstaltungen.<\/li>\n<li>Umsetzung eines Wasserspielplatzes am Brunnen unseres Dorfplatzes, zur weiteren Bereicherung als Begegnungsst\u00e4tte.<\/li>\n<li>Einf\u00fchrung eines B\u00fcrgerbusses f\u00fcr Jedermann zur F\u00f6rderung der allgemeinen Mobilit\u00e4t, einschlie\u00dflich Arztbesuchen, Apothekenbesuchen und Eink\u00e4ufen vor Ort.<\/li>\n<li>Erhaltung und Unterst\u00fctzung \u00f6ffentlicher Einrichtungen wie Kindertagesst\u00e4tten, Heimatmuseum, B\u00fcrgerhaus, Kiosk und Schulstandort in Queidersbach.<\/li>\n<li>Installation von Elektroladestationen im Dorf zur F\u00f6rderung der Elektromobilit\u00e4t.<\/li>\n<li>Instandhaltung und regelm\u00e4\u00dfige Pflege inner\u00f6rtlicher Brunnen und Verbindungswege, einschlie\u00dflich Verbesserung und Beleuchtung des Brunnenpfads.<\/li>\n<li>Anlage von Blumenwiesen und Errichtung eines gro\u00dfen Insektenhotels, auch als Bildungsressource f\u00fcr Schulen nutzbar. Bepflanzung \u00f6ffentlicher Beete und Bauminseln zur Erhaltung der Artenvielfalt.<\/li>\n<li>Verbesserung des Friedhofskonzepts und die Anpassung der Technologie an zuk\u00fcnftige Anforderungen.<\/li>\n<li>Einf\u00fchrung von Leerstandslotsen, zur F\u00f6rderung der Wiederbelebung von leerstandsgepr\u00e4gten Fl\u00e4chen und Geb\u00e4uden.<\/li>\n<li>Gew\u00e4hrleistung einer optimalen Ausstattung f\u00fcr unsere First Responder, um schnelle und effektive Hilfe in Notfallsituationen zu gew\u00e4hrleisten.<\/li>\n<li>F\u00f6rderung von altersgerechtem Wohnen f\u00fcr \u00e4ltere Mitb\u00fcrger, um ihre Lebensqualit\u00e4t zu verbessern und ihre Selbstst\u00e4ndigkeit zu erhalten.<\/li>\n<li>Wiedereinf\u00fchrung von Seniorenaktivit\u00e4ten in der Gemeinde, um soziale Teilhabe und Gemeinschaft zu f\u00f6rdern.<\/li>\n<li>Sicherheit und Ordnung in unserem Dorf st\u00e4ndig begleiten.<\/li>\n<li>F\u00f6rderung der Ansiedlung von Gewerbe und jungen Familien, um die wirtschaftliche Entwicklung und Vielfalt in der Gemeinde zu st\u00e4rken.<\/li>\n<\/ul>\n<p>Mit Ihrer Stimme unterst\u00fctzen Sie unsere Ziele f\u00fcr ein besseres Queidersbach. Deswegen bitten wir Sie am 9. Juni 2024 die Liste der FWG mit ihren Kandidaten zu w\u00e4hlen. Daf\u00fcr bedanken wir uns sehr herzlich.<\/p>\n<p><a href=\"https:\/\/fwg-vg-landstuhl.de\/queidersbach\/wp-content\/uploads\/sites\/2\/2024\/06\/24-06-09-FWG-queidersbach-WEB.pdf\" target=\"_blank\" rel=\"noopener\">Unsere Brosch\u00fcre zum Download finden Sie hier.<\/a><br \/><a href=\"https:\/\/fwg-vg-landstuhl.de\/queidersbach\/wp-content\/uploads\/sites\/2\/2024\/06\/24-05-fwg-queidersbach-buergermeister-WEB.pdf\" target=\"_blank\" rel=\"noopener\">Den Flyer unseres B\u00fcrgermeisterkandidaten Florian M\u00fcller zum Download finden Sie hier.<\/a><\/p>\n<p><strong>\u00a0<\/strong><\/p>\n<p>[\/et_pb_text][\/et_pb_column][et_pb_column type=&#8220;1_3&#8243; _builder_version=&#8220;4.16&#8243; custom_padding=&#8220;|||&#8220; global_colors_info=&#8220;{}&#8220; custom_padding__hover=&#8220;|||&#8220;][et_pb_search exclude_pages=&#8220;off&#8220; placeholder=&#8220;Suche&#8220; _builder_version=&#8220;4.16&#8243; z_index_tablet=&#8220;500&#8243; input_text_shadow_horizontal_length=&#8220;input_text_shadow_style,%91object Object%93&#8243; input_text_shadow_vertical_length=&#8220;input_text_shadow_style,%91object Object%93&#8243; input_text_shadow_blur_strength=&#8220;input_text_shadow_style,%91object Object%93&#8243; saved_tabs=&#8220;all&#8220; global_colors_info=&#8220;{}&#8220;][\/et_pb_search][et_pb_countdown_timer title=&#8220;Am 09. Juni ist Wahl!&#8220; date_time=&#8220;2024-06-09 08:00&#8243; _builder_version=&#8220;4.24.2&#8243; use_background_color=&#8220;off&#8220; use_background_color_gradient=&#8220;on&#8220; background_color_gradient_type=&#8220;circular&#8220; background_color_gradient_stops=&#8220;rgba(74,117,158,0.15) 15%|rgba(0,83,159,0.25) 100%&#8220; background_color_gradient_start=&#8220;rgba(74,117,158,0.15)&#8220; background_color_gradient_start_position=&#8220;15%&#8220; background_color_gradient_end=&#8220;rgba(0,83,159,0.25)&#8220; vertical_offset_tablet=&#8220;0&#8243; horizontal_offset_tablet=&#8220;0&#8243; text_orientation=&#8220;left&#8220; background_layout=&#8220;light&#8220; custom_padding=&#8220;20px|20px|20px|20px&#8220; z_index_tablet=&#8220;500&#8243; separator_text_shadow_horizontal_length_tablet=&#8220;0px&#8220; separator_text_shadow_vertical_length_tablet=&#8220;0px&#8220; separator_text_shadow_blur_strength_tablet=&#8220;1px&#8220; border_radii=&#8220;on|15px|15px|15px|15px&#8220; box_shadow_style=&#8220;preset2&#8243; global_module=&#8220;223&#8243; saved_tabs=&#8220;all&#8220; global_colors_info=&#8220;{}&#8220;][\/et_pb_countdown_timer][et_pb_text admin_label=&#8220;Kontakt&#8220; _builder_version=&#8220;4.16&#8243; use_background_color_gradient=&#8220;on&#8220; background_color_gradient_type=&#8220;circular&#8220; background_color_gradient_stops=&#8220;rgba(74,117,158,0.15) 15%|rgba(0,83,159,0.25) 100%&#8220; background_color_gradient_start=&#8220;rgba(74,117,158,0.15)&#8220; background_color_gradient_start_position=&#8220;15%&#8220; background_color_gradient_end=&#8220;rgba(0,83,159,0.25)&#8220; custom_margin=&#8220;||20px|&#8220; custom_padding=&#8220;20px|20px|20px|20px&#8220; background_color_gradient_stops_tablet=&#8220;rgba(74,117,158,0.15) 15%|rgba(0,83,159,0.25) 100%&#8220; background_color_gradient_stops_phone=&#8220;rgba(74,117,158,0.15) 15%|rgba(0,83,159,0.25) 100%&#8220; z_index_tablet=&#8220;500&#8243; border_radii=&#8220;on|15px|15px|15px|15px&#8220; box_shadow_style=&#8220;preset2&#8243; global_module=&#8220;224&#8243; saved_tabs=&#8220;all&#8220; global_colors_info=&#8220;{}&#8220;]<\/p>\n<h3><span style=\"color: #000000;\">Kontakt zur FWG<\/span><\/h3>\n<p><span style=\"color: #000000;\">FWG \u2013 Freie W\u00e4hlergruppe Ortsgemeinde Queidersbach e.V.<br \/>J\u00fcrgen Schmitt<br \/>Zum Woogacker 48<br \/>66851 Queidersbach<br \/>E-Mail: ju-sch@kabelmail.de<br \/><\/span><\/p>\n<p>[\/et_pb_text][\/et_pb_column][\/et_pb_row][\/et_pb_section]<\/p>\n","protected":false},"excerpt":{"rendered":"<p>Folgende Themen m\u00f6chten wir zielorientiert f\u00fcr Queidersbach vorantreiben: Die Top-Themen in Queidersbach: Ausbau der Kinderbetreuung als gesellschaftliche Verantwortung, um die Vereinbarkeit von Familie und Beruf zu verbessern. Gew\u00e4hrleistung und Verbesserung der \u00e4rztlichen Versorgung durch die Umnutzung der ehemaligen Grundschule zu einem umfassenden Medizinischen Versorgungszentrum (MVZ) f\u00fcr alle Bed\u00fcrfnisse. Umsetzung von Stra\u00dfensanierungen mit sicheren \u00dcberwegen f\u00fcr [&hellip;]<\/p>\n","protected":false},"author":1,"featured_media":0,"parent":15,"menu_order":0,"comment_status":"closed","ping_status":"closed","template":"","meta":{"_et_pb_use_builder":"on","_et_pb_old_content":"","_et_gb_content_width":"","footnotes":""},"class_list":["post-24","page","type-page","status-publish","hentry"],"_links":{"self":[{"href":"https:\/\/fwg-vg-landstuhl.de\/queidersbach\/wp-json\/wp\/v2\/pages\/24","targetHints":{"allow":["GET"]}}],"collection":[{"href":"https:\/\/fwg-vg-landstuhl.de\/queidersbach\/wp-json\/wp\/v2\/pages"}],"about":[{"href":"https:\/\/fwg-vg-landstuhl.de\/queidersbach\/wp-json\/wp\/v2\/types\/page"}],"author":[{"embeddable":true,"href":"https:\/\/fwg-vg-landstuhl.de\/queidersbach\/wp-json\/wp\/v2\/users\/1"}],"replies":[{"embeddable":true,"href":"https:\/\/fwg-vg-landstuhl.de\/queidersbach\/wp-json\/wp\/v2\/comments?post=24"}],"version-history":[{"count":4,"href":"https:\/\/fwg-vg-landstuhl.de\/queidersbach\/wp-json\/wp\/v2\/pages\/24\/revisions"}],"predecessor-version":[{"id":542,"href":"https:\/\/fwg-vg-landstuhl.de\/queidersbach\/wp-json\/wp\/v2\/pages\/24\/revisions\/542"}],"up":[{"embeddable":true,"href":"https:\/\/fwg-vg-landstuhl.de\/queidersbach\/wp-json\/wp\/v2\/pages\/15"}],"wp:attachment":[{"href":"https:\/\/fwg-vg-landstuhl.de\/queidersbach\/wp-json\/wp\/v2\/media?parent=24"}],"curies":[{"name":"wp","href":"https:\/\/api.w.org\/{rel}","templated":true}]}}